{"id":2810,"date":"2020-04-17T11:39:20","date_gmt":"2020-04-17T10:39:20","guid":{"rendered":"http:\/\/schule-in-adorf.de\/?page_id=2810"},"modified":"2024-01-17T13:19:52","modified_gmt":"2024-01-17T12:19:52","slug":"archiv","status":"publish","type":"page","link":"https:\/\/schule-in-adorf.de\/?page_id=2810","title":{"rendered":"Archiv"},"content":{"rendered":"\n<h5 class=\"wp-block-heading\"><strong><mark style=\"background-color:rgba(0, 0, 0, 0)\" class=\"has-inline-color has-central-palette-2-color\"><span style=\"text-decoration: underline;\">Handball-Grundschulaktionstag<\/span><\/mark><\/strong><\/h5>\n\n\n\n<p class=\"has-text-align-center\" style=\"font-size:15px\">Gestaffelt \u00fcber dem Zeitraum vom 19. \u2013 20. Dezember 2023 erwartete jede Klasse der Grundschule Adorf ein Aktionstag im Rahmen des Handballs. In der Turnhalle der Zentralschule Adorf konnten die Grundsch\u00fcler an Stationen mit verschiedenen ballkoordinativen Aufgaben Punkte f\u00fcr den Handball-Pass sammeln. Entsprechend der erreichten Gesamtpunktzahl legten die Kinder das Abzeichen in Bronze, Silber oder Gold ab. Alle zeigten viel Ehrgeiz und konnten ihre F\u00e4higkeiten sowie Fertigkeiten mit dem Ball ausbauen. Zum Abschluss gab es noch ein Spiel in Anlehnung an den Handball, wobei Teamgeist an erster Stelle stand. Am Ende der Aktion waren alle Kinder stolz auf ihre erbrachte Leistung und gingen ersch\u00f6pft zur Schule zur\u00fcck. Insgesamt konnten die Grundsch\u00fcler einen Einblick in den Handballsport gewinnen und bei dem ein oder anderen Kind wird vielleicht auch das Interesse geweckt wurden sein, dem Sport in der Freizeit aktiv nachzugehen. Unterst\u00fctzt wurde der Handball-Grundschulaktionstag durch den SV 04 Plauen-Oberlosa, der drei Trainer zur Umsetzung geschickt hat, denen wir recht herzlich danken wollen! Ebenso gab es in jeder Klasse tatkr\u00e4ftige Eltern, die an den Station Zeiten stoppten, sowie Ergebnisse notierten. Auch diesen Eltern sprechen wir ein gro\u00dfes Dankesch\u00f6n aus!<\/p>\n\n\n\n<p class=\"has-text-align-center\" style=\"font-size:15px\"> <em>Annemarie Aechtner, Sportverantwortliche GS Adorf<\/em><\/p>\n\n\n\n<div class=\"wp-block-group is-layout-constrained wp-block-group-is-layout-constrained\"><div class=\"wp-block-group__inner-container\">\n<div class=\"wp-block-jetpack-tiled-gallery aligncenter is-style-rectangular\"><div class=\"tiled-gallery__gallery\"><div class=\"tiled-gallery__row\"><div class=\"tiled-gallery__col\" style=\"flex-basis:50.00000%\"><figure class=\"tiled-gallery__item\"><img decoding=\"async\" srcset=\"https:\/\/i2.wp.com\/schule-in-adorf.de\/wp-content\/uploads\/2024\/01\/R-1-GS-Handball1-1024x768.jpg?strip=info&#038;w=600 600w,https:\/\/i2.wp.com\/schule-in-adorf.de\/wp-content\/uploads\/2024\/01\/R-1-GS-Handball1-1024x768.jpg?strip=info&#038;w=900 900w,https:\/\/i2.wp.com\/schule-in-adorf.de\/wp-content\/uploads\/2024\/01\/R-1-GS-Handball1-1024x768.jpg?strip=info&#038;w=1200 1200w,https:\/\/i2.wp.com\/schule-in-adorf.de\/wp-content\/uploads\/2024\/01\/R-1-GS-Handball1-1024x768.jpg?strip=info&#038;w=1500 1500w,https:\/\/i2.wp.com\/schule-in-adorf.de\/wp-content\/uploads\/2024\/01\/R-1-GS-Handball1-1024x768.jpg?strip=info&#038;w=1600 1600w\" alt=\"\" data-height=\"1200\" data-id=\"4467\" data-link=\"https:\/\/schule-in-adorf.de\/?attachment_id=4467\" data-url=\"https:\/\/schule-in-adorf.de\/wp-content\/uploads\/2024\/01\/R-1-GS-Handball1-1024x768.jpg\" data-width=\"1600\" src=\"https:\/\/i2.wp.com\/schule-in-adorf.de\/wp-content\/uploads\/2024\/01\/R-1-GS-Handball1-1024x768.jpg\" data-amp-layout=\"responsive\"\/><\/figure><\/div><div class=\"tiled-gallery__col\" style=\"flex-basis:50.00000%\"><figure class=\"tiled-gallery__item\"><img decoding=\"async\" srcset=\"https:\/\/i2.wp.com\/schule-in-adorf.de\/wp-content\/uploads\/2024\/01\/R-1-GS-Handball2-1-1024x768.jpg?strip=info&#038;w=600 600w,https:\/\/i2.wp.com\/schule-in-adorf.de\/wp-content\/uploads\/2024\/01\/R-1-GS-Handball2-1-1024x768.jpg?strip=info&#038;w=900 900w,https:\/\/i2.wp.com\/schule-in-adorf.de\/wp-content\/uploads\/2024\/01\/R-1-GS-Handball2-1-1024x768.jpg?strip=info&#038;w=1200 1200w,https:\/\/i2.wp.com\/schule-in-adorf.de\/wp-content\/uploads\/2024\/01\/R-1-GS-Handball2-1-1024x768.jpg?strip=info&#038;w=1500 1500w,https:\/\/i2.wp.com\/schule-in-adorf.de\/wp-content\/uploads\/2024\/01\/R-1-GS-Handball2-1-1024x768.jpg?strip=info&#038;w=1600 1600w\" alt=\"\" data-height=\"1200\" data-id=\"4469\" data-link=\"https:\/\/schule-in-adorf.de\/?attachment_id=4469\" data-url=\"https:\/\/schule-in-adorf.de\/wp-content\/uploads\/2024\/01\/R-1-GS-Handball2-1-1024x768.jpg\" data-width=\"1600\" src=\"https:\/\/i2.wp.com\/schule-in-adorf.de\/wp-content\/uploads\/2024\/01\/R-1-GS-Handball2-1-1024x768.jpg\" data-amp-layout=\"responsive\"\/><\/figure><\/div><\/div><\/div><\/div>\n<\/div><\/div>\n\n\n\n<hr class=\"wp-block-separator has-alpha-channel-opacity is-style-wide\"\/>\n\n\n\n<h5 class=\"wp-block-heading has-central-palette-2-color has-text-color\"><span style=\"text-decoration: underline;\">Sport macht Spa\u00df!<\/span><\/h5>\n\n\n\n<div class=\"wp-block-jetpack-tiled-gallery aligncenter is-style-square\"><div class=\"tiled-gallery__gallery\"><div class=\"tiled-gallery__row columns-3\"><div class=\"tiled-gallery__col\"><figure class=\"tiled-gallery__item\"><img decoding=\"async\" srcset=\"https:\/\/i2.wp.com\/schule-in-adorf.de\/wp-content\/uploads\/2022\/12\/c2521a39-48a5-491e-9784-86ce2bf6c58a.jpg?resize=600,600&#038;strip=info 600w,https:\/\/i2.wp.com\/schule-in-adorf.de\/wp-content\/uploads\/2022\/12\/c2521a39-48a5-491e-9784-86ce2bf6c58a.jpg?resize=900,900&#038;strip=info 900w,https:\/\/i2.wp.com\/schule-in-adorf.de\/wp-content\/uploads\/2022\/12\/c2521a39-48a5-491e-9784-86ce2bf6c58a.jpg?resize=1200,1200&#038;strip=info 1200w,https:\/\/i2.wp.com\/schule-in-adorf.de\/wp-content\/uploads\/2022\/12\/c2521a39-48a5-491e-9784-86ce2bf6c58a.jpg?resize=1500,1500&#038;strip=info 1500w,https:\/\/i2.wp.com\/schule-in-adorf.de\/wp-content\/uploads\/2022\/12\/c2521a39-48a5-491e-9784-86ce2bf6c58a.jpg?resize=1532,1532&#038;strip=info 1532w\" alt=\"\" data-height=\"1532\" data-id=\"4280\" data-link=\"https:\/\/schule-in-adorf.de\/?attachment_id=4280\" data-url=\"https:\/\/schule-in-adorf.de\/wp-content\/uploads\/2022\/12\/c2521a39-48a5-491e-9784-86ce2bf6c58a.jpg\" data-width=\"2048\" src=\"https:\/\/i2.wp.com\/schule-in-adorf.de\/wp-content\/uploads\/2022\/12\/c2521a39-48a5-491e-9784-86ce2bf6c58a.jpg?resize=1532%2C1532\" data-amp-layout=\"responsive\"\/><\/figure><\/div><div class=\"tiled-gallery__col\"><figure class=\"tiled-gallery__item\"><img decoding=\"async\" srcset=\"https:\/\/i0.wp.com\/schule-in-adorf.de\/wp-content\/uploads\/2022\/12\/f2c5472f-c0df-4284-b26d-b6481e8aa7a2.jpg?resize=600,600&#038;strip=info 600w,https:\/\/i0.wp.com\/schule-in-adorf.de\/wp-content\/uploads\/2022\/12\/f2c5472f-c0df-4284-b26d-b6481e8aa7a2.jpg?resize=900,900&#038;strip=info 900w,https:\/\/i0.wp.com\/schule-in-adorf.de\/wp-content\/uploads\/2022\/12\/f2c5472f-c0df-4284-b26d-b6481e8aa7a2.jpg?resize=1200,1200&#038;strip=info 1200w,https:\/\/i0.wp.com\/schule-in-adorf.de\/wp-content\/uploads\/2022\/12\/f2c5472f-c0df-4284-b26d-b6481e8aa7a2.jpg?resize=1500,1500&#038;strip=info 1500w,https:\/\/i0.wp.com\/schule-in-adorf.de\/wp-content\/uploads\/2022\/12\/f2c5472f-c0df-4284-b26d-b6481e8aa7a2.jpg?resize=1532,1532&#038;strip=info 1532w\" alt=\"\" data-height=\"1532\" data-id=\"4281\" data-link=\"https:\/\/schule-in-adorf.de\/?attachment_id=4281\" data-url=\"https:\/\/schule-in-adorf.de\/wp-content\/uploads\/2022\/12\/f2c5472f-c0df-4284-b26d-b6481e8aa7a2.jpg\" data-width=\"2048\" src=\"https:\/\/i0.wp.com\/schule-in-adorf.de\/wp-content\/uploads\/2022\/12\/f2c5472f-c0df-4284-b26d-b6481e8aa7a2.jpg?resize=1532%2C1532\" data-amp-layout=\"responsive\"\/><\/figure><\/div><div class=\"tiled-gallery__col\"><figure class=\"tiled-gallery__item\"><img decoding=\"async\" srcset=\"https:\/\/i0.wp.com\/schule-in-adorf.de\/wp-content\/uploads\/2022\/12\/b9c14266-3750-4460-b946-c5e9980a975f.jpg?resize=600,600&#038;strip=info 600w,https:\/\/i0.wp.com\/schule-in-adorf.de\/wp-content\/uploads\/2022\/12\/b9c14266-3750-4460-b946-c5e9980a975f.jpg?resize=900,900&#038;strip=info 900w,https:\/\/i0.wp.com\/schule-in-adorf.de\/wp-content\/uploads\/2022\/12\/b9c14266-3750-4460-b946-c5e9980a975f.jpg?resize=958,958&#038;strip=info 958w\" alt=\"\" data-height=\"958\" data-id=\"4282\" data-link=\"https:\/\/schule-in-adorf.de\/?attachment_id=4282\" data-url=\"https:\/\/schule-in-adorf.de\/wp-content\/uploads\/2022\/12\/b9c14266-3750-4460-b946-c5e9980a975f.jpg\" data-width=\"1280\" src=\"https:\/\/i0.wp.com\/schule-in-adorf.de\/wp-content\/uploads\/2022\/12\/b9c14266-3750-4460-b946-c5e9980a975f.jpg?resize=958%2C958\" data-amp-layout=\"responsive\"\/><\/figure><\/div><\/div><\/div><\/div>\n\n\n\n<p class=\"has-text-align-center has-normal-font-size\">Unter diesem Motto gestaltete der Tanzprofi Michael Hirschel den Sporttag mit den Adorfer Grundsch\u00fclern. Mit einer ausgiebigen Erw\u00e4rmung und lauter Musik lud er die Sch\u00fclerinnen und Sch\u00fcler zum Mitmachen und Mitsingen ein. Wieder dabei waren 14 Sch\u00fcler der Medfachschule Bad Elster, die nat\u00fcrlich flei\u00dfig mittanzten und anschlie\u00dfend die f\u00fcnf Stationen leiteten. Hier waren Geschicklichkeit, Schnelligkeit und Treffsicherheit besonders gefordert. Gro\u00dfe Spannung herrschte zum Schluss zur Siegerehrung, bei der jeder eine Urkunde und die drei besten jeder Klassenstufe Medaillen erhielten. Aber der Spa\u00df stand an diesem Tag an erster Stelle und lie\u00df so manche Kinderaugen strahlen.<\/p>\n\n\n\n<p class=\"has-text-align-center has-normal-font-size\"><em>Margit Seifert, Sportverantwortliche<\/em><\/p>\n\n\n\n<hr class=\"wp-block-separator has-css-opacity is-style-wide\"\/>\n\n\n\n<h5 class=\"wp-block-heading has-central-palette-2-color has-text-color\"><span style=\"text-decoration: underline;\">Hallenfu\u00dfballturnier f\u00fcr Klasse 3\/4<\/span><\/h5>\n\n\n\n<div class=\"wp-block-media-text alignwide is-stacked-on-mobile\" style=\"grid-template-columns:54% auto\"><figure class=\"wp-block-media-text__media\"><img loading=\"lazy\" decoding=\"async\" width=\"768\" height=\"1024\" src=\"https:\/\/i0.wp.com\/schule-in-adorf.de\/wp-content\/uploads\/2022\/12\/PHOTO-2022-11-27-14-37-531587.jpg?resize=768%2C1024&#038;ssl=1\" alt=\"\" class=\"wp-image-4276 size-full\" srcset=\"https:\/\/i0.wp.com\/schule-in-adorf.de\/wp-content\/uploads\/2022\/12\/PHOTO-2022-11-27-14-37-531587.jpg?resize=768%2C1024&amp;ssl=1 768w, https:\/\/i0.wp.com\/schule-in-adorf.de\/wp-content\/uploads\/2022\/12\/PHOTO-2022-11-27-14-37-531587.jpg?resize=225%2C300&amp;ssl=1 225w, https:\/\/i0.wp.com\/schule-in-adorf.de\/wp-content\/uploads\/2022\/12\/PHOTO-2022-11-27-14-37-531587.jpg?resize=1152%2C1536&amp;ssl=1 1152w, https:\/\/i0.wp.com\/schule-in-adorf.de\/wp-content\/uploads\/2022\/12\/PHOTO-2022-11-27-14-37-531587.jpg?resize=1000%2C1333&amp;ssl=1 1000w, https:\/\/i0.wp.com\/schule-in-adorf.de\/wp-content\/uploads\/2022\/12\/PHOTO-2022-11-27-14-37-531587.jpg?w=1500&amp;ssl=1 1500w\" sizes=\"(max-width: 768px) 100vw, 768px\" data-recalc-dims=\"1\" \/><\/figure><div class=\"wp-block-media-text__content\">\n<p class=\"has-normal-font-size\"><br \/>Nach coronabedingter Wettkampfpause fand am Freitag, dem 25.11.22 endlich wieder ein Hallenfu\u00dfballturnier in Oelsnitz statt, bei dem 8 Schulen teilnahmen und auch die GS Adorf eine achtk\u00f6pfige Mannschaft stellte. Nur wenige dieser Sportler besuchen regelm\u00e4\u00dfig ein Fu\u00dfballtraining. <\/p>\n\n\n\n<p class=\"has-normal-font-size\"> <\/p>\n<\/div><\/div>\n\n\n\n<p class=\"has-text-align-center has-normal-font-size\">Dennoch gaben alle ihr Bestes, auch wenn die Spiele mit knappen Entscheidungen gegen die Adorfer ausgingen. Der letzte Funken Gl\u00fcck hat noch gefehlt. Am Ende wurden die Platzierungen durch 9m &#8211; Schie\u00dfen entschieden und da konnten unsere Sportler punkten. Unser Ziel ist es deshalb, ein regelm\u00e4\u00dfiges Fu\u00dfballtraining in der Schule als GTA zu organisieren. Besonderer Dank gilt Herrn Herrmann, der sowohl in der Vorbereitungszeit als auch beim Wettkampf dem Team beiseite stand.<\/p>\n\n\n\n<p class=\"has-text-align-center has-normal-font-size\"><em><br \/>Margit Seifert, Sportverantwortliche <\/em><\/p>\n\n\n\n<hr class=\"wp-block-separator has-css-opacity is-style-wide\"\/>\n\n\n\n<div class=\"wp-block-media-text alignwide is-stacked-on-mobile\" style=\"grid-template-columns:43% auto\"><figure class=\"wp-block-media-text__media\"><img loading=\"lazy\" decoding=\"async\" width=\"768\" height=\"1024\" src=\"https:\/\/i0.wp.com\/schule-in-adorf.de\/wp-content\/uploads\/2022\/03\/R-1-GS-Endlich-wieder-Wettkampf_1.jpg?resize=768%2C1024&#038;ssl=1\" alt=\"\" class=\"wp-image-4083 size-full\" srcset=\"https:\/\/i0.wp.com\/schule-in-adorf.de\/wp-content\/uploads\/2022\/03\/R-1-GS-Endlich-wieder-Wettkampf_1.jpg?resize=768%2C1024&amp;ssl=1 768w, https:\/\/i0.wp.com\/schule-in-adorf.de\/wp-content\/uploads\/2022\/03\/R-1-GS-Endlich-wieder-Wettkampf_1.jpg?resize=225%2C300&amp;ssl=1 225w, https:\/\/i0.wp.com\/schule-in-adorf.de\/wp-content\/uploads\/2022\/03\/R-1-GS-Endlich-wieder-Wettkampf_1.jpg?resize=1152%2C1536&amp;ssl=1 1152w, https:\/\/i0.wp.com\/schule-in-adorf.de\/wp-content\/uploads\/2022\/03\/R-1-GS-Endlich-wieder-Wettkampf_1.jpg?resize=1000%2C1333&amp;ssl=1 1000w, https:\/\/i0.wp.com\/schule-in-adorf.de\/wp-content\/uploads\/2022\/03\/R-1-GS-Endlich-wieder-Wettkampf_1.jpg?w=1200&amp;ssl=1 1200w\" sizes=\"(max-width: 768px) 100vw, 768px\" data-recalc-dims=\"1\" \/><\/figure><div class=\"wp-block-media-text__content\">\n<p class=\"has-normal-font-size\">Am 10.03.2022 war es wieder soweit f\u00fcr den ersten Wettkampf im Schuljahr. In Oelsnitz fand die Vorrunde f\u00fcr den Staffelwettkampf statt. Noch am Morgen herrschte gro\u00dfe Aufregung, weil krankheitsbedingt Kinder ausfielen. Dennoch fanden wir kurzfristig Ersatz und die Grundschule Adorf konnte antreten. <\/p>\n<\/div><\/div>\n\n\n\n<div class=\"wp-block-media-text alignwide has-media-on-the-right is-stacked-on-mobile\" style=\"grid-template-columns:auto 39%\"><div class=\"wp-block-media-text__content\">\n<p class=\"has-normal-font-size\">Eine Mannschaft bestand aus 12 Sportlern, die den Klassen 2, 3 und 4 angeh\u00f6rten. Die Kinder zeigten sich \u00fcberrascht und begeistert von dem abwechslungsreichen Parcours, wo sie ihre sportlichen F\u00e4higkeiten unter Beweis stellen konnten. Nach insgesamt 10 Staffell\u00e4ufen haben sich die Adorfer Grundsch\u00fcler einen tollen 2. Platz erk\u00e4mpft.<br \/><\/p>\n<\/div><figure class=\"wp-block-media-text__media\"><img loading=\"lazy\" decoding=\"async\" width=\"724\" height=\"1024\" src=\"https:\/\/i0.wp.com\/schule-in-adorf.de\/wp-content\/uploads\/2022\/03\/R-1-GS-Endlich-wieder-Wettkampf_2.jpg?resize=724%2C1024&#038;ssl=1\" alt=\"\" class=\"wp-image-4082 size-full\" srcset=\"https:\/\/i0.wp.com\/schule-in-adorf.de\/wp-content\/uploads\/2022\/03\/R-1-GS-Endlich-wieder-Wettkampf_2.jpg?resize=724%2C1024&amp;ssl=1 724w, https:\/\/i0.wp.com\/schule-in-adorf.de\/wp-content\/uploads\/2022\/03\/R-1-GS-Endlich-wieder-Wettkampf_2.jpg?resize=212%2C300&amp;ssl=1 212w, https:\/\/i0.wp.com\/schule-in-adorf.de\/wp-content\/uploads\/2022\/03\/R-1-GS-Endlich-wieder-Wettkampf_2.jpg?resize=768%2C1086&amp;ssl=1 768w, https:\/\/i0.wp.com\/schule-in-adorf.de\/wp-content\/uploads\/2022\/03\/R-1-GS-Endlich-wieder-Wettkampf_2.jpg?resize=1086%2C1536&amp;ssl=1 1086w, https:\/\/i0.wp.com\/schule-in-adorf.de\/wp-content\/uploads\/2022\/03\/R-1-GS-Endlich-wieder-Wettkampf_2.jpg?resize=1448%2C2048&amp;ssl=1 1448w, https:\/\/i0.wp.com\/schule-in-adorf.de\/wp-content\/uploads\/2022\/03\/R-1-GS-Endlich-wieder-Wettkampf_2.jpg?resize=1000%2C1414&amp;ssl=1 1000w, https:\/\/i0.wp.com\/schule-in-adorf.de\/wp-content\/uploads\/2022\/03\/R-1-GS-Endlich-wieder-Wettkampf_2.jpg?w=1653&amp;ssl=1 1653w\" sizes=\"(max-width: 724px) 100vw, 724px\" data-recalc-dims=\"1\" \/><\/figure><\/div>\n\n\n\n<p class=\"has-text-align-center\"><strong>Herzlichen Gl\u00fcckwunsch!<\/strong><br \/><em>Margit Seifert, Sportverantwortliche<\/em><\/p>\n\n\n\n<hr class=\"wp-block-separator has-css-opacity is-style-wide\"\/>\n\n\n\n<h5 class=\"wp-block-heading\"><span style=\"background-color:rgba(0, 0, 0, 0)\" class=\"has-inline-color has-central-palette-2-color\"><span style=\"text-decoration: underline;\">Ran an die Kartoffeln<\/span><\/span><\/h5>\n\n\n\n<p class=\"has-text-align-center has-normal-font-size\">Wir Kinder der Klasse 3b der Grundschule Adorf freuten uns diesmal ganz besonders auf unseren Ausflug ins Freilichtmuseum nach Landw\u00fcst. Nachdem lange keine Wandertage m\u00f6glich waren oder das schlechte Wetter immer wieder unsere Pl\u00e4ne durchkreuzte, war es nun endlich soweit. Wir machten uns am Dienstag, den 5.10.2021, trotz Nieselregen und Nebel auf nach Landw\u00fcst.<\/p>\n\n\n\n<div class=\"wp-block-group is-layout-flow wp-block-group-is-layout-flow\"><div class=\"wp-block-group__inner-container\"><\/div><\/div>\n\n\n\n<div class=\"wp-block-media-text alignwide is-stacked-on-mobile\" style=\"grid-template-columns:28% auto\"><figure class=\"wp-block-media-text__media\"><img loading=\"lazy\" decoding=\"async\" width=\"768\" height=\"1024\" src=\"https:\/\/i0.wp.com\/schule-in-adorf.de\/wp-content\/uploads\/2021\/10\/IMG_20211005_092020.jpg?resize=768%2C1024&#038;ssl=1\" alt=\"\" class=\"wp-image-3975 size-full\" srcset=\"https:\/\/i0.wp.com\/schule-in-adorf.de\/wp-content\/uploads\/2021\/10\/IMG_20211005_092020-scaled.jpg?resize=768%2C1024&amp;ssl=1 768w, https:\/\/i0.wp.com\/schule-in-adorf.de\/wp-content\/uploads\/2021\/10\/IMG_20211005_092020-scaled.jpg?resize=225%2C300&amp;ssl=1 225w, https:\/\/i0.wp.com\/schule-in-adorf.de\/wp-content\/uploads\/2021\/10\/IMG_20211005_092020-scaled.jpg?resize=1152%2C1536&amp;ssl=1 1152w, https:\/\/i0.wp.com\/schule-in-adorf.de\/wp-content\/uploads\/2021\/10\/IMG_20211005_092020-scaled.jpg?resize=1536%2C2048&amp;ssl=1 1536w, https:\/\/i0.wp.com\/schule-in-adorf.de\/wp-content\/uploads\/2021\/10\/IMG_20211005_092020-scaled.jpg?resize=1000%2C1333&amp;ssl=1 1000w, https:\/\/i0.wp.com\/schule-in-adorf.de\/wp-content\/uploads\/2021\/10\/IMG_20211005_092020-scaled.jpg?w=1920&amp;ssl=1 1920w, https:\/\/i0.wp.com\/schule-in-adorf.de\/wp-content\/uploads\/2021\/10\/IMG_20211005_092020-scaled.jpg?w=1680&amp;ssl=1 1680w\" sizes=\"(max-width: 768px) 100vw, 768px\" data-recalc-dims=\"1\" \/><\/figure><div class=\"wp-block-media-text__content\">\n<p class=\"has-text-align-center has-normal-font-size\">Dort war ein toller Tag rund um die Kartoffeln geplant. Ausger\u00fcstet mit Gummistiefeln und Regenjacken ging es f\u00fcr uns ab aufs Feld. Dank vieler flei\u00dfiger H\u00e4nde wurden im Nu die Kartoffeln gegraben und gelesen und es machte dabei niemandem etwas aus, auch mal schmutzig zu werden.<\/p>\n<\/div><\/div>\n\n\n\n<div style=\"height:20px\" aria-hidden=\"true\" class=\"wp-block-spacer\"><\/div>\n\n\n<div class=\"wp-block-image\">\n<figure class=\"aligncenter size-large is-resized\"><img loading=\"lazy\" decoding=\"async\" width=\"840\" height=\"630\" src=\"https:\/\/i0.wp.com\/schule-in-adorf.de\/wp-content\/uploads\/2021\/10\/IMG_20211005_093440.jpg?resize=840%2C630&#038;ssl=1\" alt=\"\" class=\"wp-image-3978\" style=\"width:312px;height:234px\" srcset=\"https:\/\/i0.wp.com\/schule-in-adorf.de\/wp-content\/uploads\/2021\/10\/IMG_20211005_093440-scaled.jpg?resize=1024%2C768&amp;ssl=1 1024w, https:\/\/i0.wp.com\/schule-in-adorf.de\/wp-content\/uploads\/2021\/10\/IMG_20211005_093440-scaled.jpg?resize=300%2C225&amp;ssl=1 300w, https:\/\/i0.wp.com\/schule-in-adorf.de\/wp-content\/uploads\/2021\/10\/IMG_20211005_093440-scaled.jpg?resize=768%2C576&amp;ssl=1 768w, https:\/\/i0.wp.com\/schule-in-adorf.de\/wp-content\/uploads\/2021\/10\/IMG_20211005_093440-scaled.jpg?resize=1536%2C1152&amp;ssl=1 1536w, https:\/\/i0.wp.com\/schule-in-adorf.de\/wp-content\/uploads\/2021\/10\/IMG_20211005_093440-scaled.jpg?resize=2048%2C1536&amp;ssl=1 2048w, https:\/\/i0.wp.com\/schule-in-adorf.de\/wp-content\/uploads\/2021\/10\/IMG_20211005_093440-scaled.jpg?resize=1000%2C750&amp;ssl=1 1000w, https:\/\/i0.wp.com\/schule-in-adorf.de\/wp-content\/uploads\/2021\/10\/IMG_20211005_093440-scaled.jpg?resize=400%2C300&amp;ssl=1 400w, https:\/\/i0.wp.com\/schule-in-adorf.de\/wp-content\/uploads\/2021\/10\/IMG_20211005_093440-scaled.jpg?w=1680&amp;ssl=1 1680w, https:\/\/i0.wp.com\/schule-in-adorf.de\/wp-content\/uploads\/2021\/10\/IMG_20211005_093440-scaled.jpg?w=2520&amp;ssl=1 2520w\" sizes=\"(max-width: 840px) 100vw, 840px\" data-recalc-dims=\"1\" \/><\/figure><\/div>\n\n\n<div class=\"wp-block-media-text alignwide has-media-on-the-right is-vertically-aligned-top is-stacked-on-mobile\" style=\"grid-template-columns:auto 33%\"><div class=\"wp-block-media-text__content\">\n<p class=\"has-text-align-center has-normal-font-size\">Anschlie\u00dfend wurden die Kartoffeln mit traditioneller Technik gewaschen und waren nun bereit verarbeitet zu werden. In der Stube sch\u00e4lten und schnippelten wir, bei behaglicher Ofenw\u00e4rme, M\u00f6hren, Kartoffeln und vieles mehr f\u00fcr eine leckere Kartoffelsuppe.<\/p>\n<\/div><figure class=\"wp-block-media-text__media\"><img loading=\"lazy\" decoding=\"async\" width=\"768\" height=\"1024\" src=\"https:\/\/i0.wp.com\/schule-in-adorf.de\/wp-content\/uploads\/2021\/10\/IMG_20211005_093220.jpg?resize=768%2C1024&#038;ssl=1\" alt=\"\" class=\"wp-image-3976 size-full\" srcset=\"https:\/\/i0.wp.com\/schule-in-adorf.de\/wp-content\/uploads\/2021\/10\/IMG_20211005_093220-scaled.jpg?resize=768%2C1024&amp;ssl=1 768w, https:\/\/i0.wp.com\/schule-in-adorf.de\/wp-content\/uploads\/2021\/10\/IMG_20211005_093220-scaled.jpg?resize=225%2C300&amp;ssl=1 225w, https:\/\/i0.wp.com\/schule-in-adorf.de\/wp-content\/uploads\/2021\/10\/IMG_20211005_093220-scaled.jpg?resize=1152%2C1536&amp;ssl=1 1152w, https:\/\/i0.wp.com\/schule-in-adorf.de\/wp-content\/uploads\/2021\/10\/IMG_20211005_093220-scaled.jpg?resize=1536%2C2048&amp;ssl=1 1536w, https:\/\/i0.wp.com\/schule-in-adorf.de\/wp-content\/uploads\/2021\/10\/IMG_20211005_093220-scaled.jpg?resize=1000%2C1333&amp;ssl=1 1000w, https:\/\/i0.wp.com\/schule-in-adorf.de\/wp-content\/uploads\/2021\/10\/IMG_20211005_093220-scaled.jpg?w=1920&amp;ssl=1 1920w, https:\/\/i0.wp.com\/schule-in-adorf.de\/wp-content\/uploads\/2021\/10\/IMG_20211005_093220-scaled.jpg?w=1680&amp;ssl=1 1680w\" sizes=\"(max-width: 768px) 100vw, 768px\" data-recalc-dims=\"1\" \/><\/figure><\/div>\n\n\n\n<div style=\"height:20px\" aria-hidden=\"true\" class=\"wp-block-spacer\"><\/div>\n\n\n<div class=\"wp-block-image\">\n<figure class=\"aligncenter size-large is-resized\"><img loading=\"lazy\" decoding=\"async\" width=\"840\" height=\"630\" src=\"https:\/\/i0.wp.com\/schule-in-adorf.de\/wp-content\/uploads\/2021\/10\/IMG_20211005_094239.jpg?resize=840%2C630&#038;ssl=1\" alt=\"\" class=\"wp-image-3977\" style=\"width:295px;height:222px\" srcset=\"https:\/\/i0.wp.com\/schule-in-adorf.de\/wp-content\/uploads\/2021\/10\/IMG_20211005_094239-scaled.jpg?resize=1024%2C768&amp;ssl=1 1024w, https:\/\/i0.wp.com\/schule-in-adorf.de\/wp-content\/uploads\/2021\/10\/IMG_20211005_094239-scaled.jpg?resize=300%2C225&amp;ssl=1 300w, https:\/\/i0.wp.com\/schule-in-adorf.de\/wp-content\/uploads\/2021\/10\/IMG_20211005_094239-scaled.jpg?resize=768%2C576&amp;ssl=1 768w, https:\/\/i0.wp.com\/schule-in-adorf.de\/wp-content\/uploads\/2021\/10\/IMG_20211005_094239-scaled.jpg?resize=1536%2C1152&amp;ssl=1 1536w, https:\/\/i0.wp.com\/schule-in-adorf.de\/wp-content\/uploads\/2021\/10\/IMG_20211005_094239-scaled.jpg?resize=2048%2C1536&amp;ssl=1 2048w, https:\/\/i0.wp.com\/schule-in-adorf.de\/wp-content\/uploads\/2021\/10\/IMG_20211005_094239-scaled.jpg?resize=1000%2C750&amp;ssl=1 1000w, https:\/\/i0.wp.com\/schule-in-adorf.de\/wp-content\/uploads\/2021\/10\/IMG_20211005_094239-scaled.jpg?resize=400%2C300&amp;ssl=1 400w, https:\/\/i0.wp.com\/schule-in-adorf.de\/wp-content\/uploads\/2021\/10\/IMG_20211005_094239-scaled.jpg?w=1680&amp;ssl=1 1680w, https:\/\/i0.wp.com\/schule-in-adorf.de\/wp-content\/uploads\/2021\/10\/IMG_20211005_094239-scaled.jpg?w=2520&amp;ssl=1 2520w\" sizes=\"(max-width: 840px) 100vw, 840px\" data-recalc-dims=\"1\" \/><\/figure><\/div>\n\n\n<p class=\"has-text-align-center has-normal-font-size\">W\u00e4hrend unsere Suppe \u00fcber dem offenen Feuer kochte, wurden wir sogar noch durch alle Geb\u00e4ude des Museums gef\u00fchrt und erhielten so einen Einblick in das Leben der Menschen vor vielen hundert Jahren. Nach unserem selbst gekochten, leckeren Mittagessen machten wir uns stolz, zufrieden und auch etwas kaputt wieder auf den Nachhauseweg. Danke f\u00fcr diesen tollen Tag!<\/p>\n\n\n\n<p class=\"has-text-align-center has-normal-font-size\">Die Kinder der Klasse 3b der Grundschule Adorf<\/p>\n\n\n\n<hr class=\"wp-block-separator has-css-opacity is-style-wide\"\/>\n\n\n<div class=\"wp-block-image\">\n<figure class=\"aligncenter size-large\"><img loading=\"lazy\" decoding=\"async\" width=\"840\" height=\"630\" src=\"https:\/\/i0.wp.com\/schule-in-adorf.de\/wp-content\/uploads\/2020\/11\/chaynsC2AEimg_16055198971402409176826778610161..jpg?resize=840%2C630&#038;ssl=1\" alt=\"\" class=\"wp-image-3582\" srcset=\"https:\/\/i0.wp.com\/schule-in-adorf.de\/wp-content\/uploads\/2020\/11\/chaynsC2AEimg_16055198971402409176826778610161..jpg?resize=1024%2C768&amp;ssl=1 1024w, https:\/\/i0.wp.com\/schule-in-adorf.de\/wp-content\/uploads\/2020\/11\/chaynsC2AEimg_16055198971402409176826778610161..jpg?resize=300%2C225&amp;ssl=1 300w, https:\/\/i0.wp.com\/schule-in-adorf.de\/wp-content\/uploads\/2020\/11\/chaynsC2AEimg_16055198971402409176826778610161..jpg?resize=768%2C576&amp;ssl=1 768w, https:\/\/i0.wp.com\/schule-in-adorf.de\/wp-content\/uploads\/2020\/11\/chaynsC2AEimg_16055198971402409176826778610161..jpg?resize=1536%2C1152&amp;ssl=1 1536w, https:\/\/i0.wp.com\/schule-in-adorf.de\/wp-content\/uploads\/2020\/11\/chaynsC2AEimg_16055198971402409176826778610161..jpg?resize=1000%2C750&amp;ssl=1 1000w, https:\/\/i0.wp.com\/schule-in-adorf.de\/wp-content\/uploads\/2020\/11\/chaynsC2AEimg_16055198971402409176826778610161..jpg?resize=400%2C300&amp;ssl=1 400w, https:\/\/i0.wp.com\/schule-in-adorf.de\/wp-content\/uploads\/2020\/11\/chaynsC2AEimg_16055198971402409176826778610161..jpg?w=1600&amp;ssl=1 1600w\" sizes=\"(max-width: 840px) 100vw, 840px\" data-recalc-dims=\"1\" \/><\/figure><\/div>\n\n\n<p class=\"has-text-align-center has-normal-font-size\">Die Kinder der Klassen 3 und 4 gestalteten in den letzten Wochen tolle Kunstwerke f\u00fcr den Wartebereich des \u00c4rztehauses in Adorf.  \ud83d\uddbc<\/p>\n\n\n\n<hr class=\"wp-block-separator has-css-opacity is-style-wide\"\/>\n\n\n<h5 class=\"has-text-align-center has-normal-font-size\"><span class=\"has-inline-color has-central-palette-2-color\"><span style=\"text-decoration: underline;\"><strong>Auf den Spuren des Herbstes\u2026<\/strong><\/span><\/span><\/h5>\n\n\n<div class=\"wp-block-group is-layout-flow wp-block-group-is-layout-flow\"><div class=\"wp-block-group__inner-container\">\n<div class=\"wp-block-group is-layout-flow wp-block-group-is-layout-flow\"><div class=\"wp-block-group__inner-container\">\n<p class=\"has-text-align-center has-normal-font-size\">\u2026wanderte die Klasse 2b der Grundschule Adorf\/V. \u00fcber Jugelsburg nach Remtengr\u00fcn. Nachdem im vergangenen Schuljahr das Klassengemeinschaftsgef\u00fchl aufgrund von Schulschlie\u00dfungen zu kurz kam, nutzten wir am Dienstag, den 13.10.2020 die Chance und machten uns auf in die Natur. Der Wetterbericht sagte einen sch\u00f6nen Herbsttag an und wir packten unseren Rucksack und spazierten durch Wald und Wiesen auf der Suche nach herbstlichen Boten.<\/p>\n\n\n<div class=\"wp-block-image\">\n<figure class=\"aligncenter size-large\"><img loading=\"lazy\" decoding=\"async\" width=\"840\" height=\"631\" src=\"https:\/\/i0.wp.com\/schule-in-adorf.de\/wp-content\/uploads\/2020\/10\/kjb-kjb.jpg?resize=840%2C631&#038;ssl=1\" alt=\"\" class=\"wp-image-3537\" srcset=\"https:\/\/i0.wp.com\/schule-in-adorf.de\/wp-content\/uploads\/2020\/10\/kjb-kjb.jpg?resize=1024%2C769&amp;ssl=1 1024w, https:\/\/i0.wp.com\/schule-in-adorf.de\/wp-content\/uploads\/2020\/10\/kjb-kjb.jpg?resize=300%2C225&amp;ssl=1 300w, https:\/\/i0.wp.com\/schule-in-adorf.de\/wp-content\/uploads\/2020\/10\/kjb-kjb.jpg?resize=768%2C576&amp;ssl=1 768w, https:\/\/i0.wp.com\/schule-in-adorf.de\/wp-content\/uploads\/2020\/10\/kjb-kjb.jpg?resize=1000%2C751&amp;ssl=1 1000w, https:\/\/i0.wp.com\/schule-in-adorf.de\/wp-content\/uploads\/2020\/10\/kjb-kjb.jpg?resize=400%2C300&amp;ssl=1 400w, https:\/\/i0.wp.com\/schule-in-adorf.de\/wp-content\/uploads\/2020\/10\/kjb-kjb.jpg?w=1415&amp;ssl=1 1415w\" sizes=\"(max-width: 840px) 100vw, 840px\" data-recalc-dims=\"1\" \/><\/figure><\/div>\n\n\n<p class=\"has-text-align-center has-normal-font-size\">Anf\u00e4nglich meinte es Petrus mit uns nicht so gut und nach einigen Regentropfen, waren wir umso gl\u00fccklicher, bei warmem Tee und Keksen, das Fr\u00fchst\u00fcck im Trockenen zu genie\u00dfen. Leider gab es keinen Wind an diesem Tag, weshalb wir keine Drachen steigen lassen konnten. Halb so wild! Das Highlight des Tages war f\u00fcr alle definitiv der Besuch des neuerrichteten Remtengr\u00fcner Turms. Nach anf\u00e4nglichen Bedenken und einigen respektvollen Blicken auf das 19 Meter hohe Bauwerk, trauten sich aber doch die meisten Sch\u00fclerinnen und Sch\u00fcler und stiegen die 96 Stufen nach oben. Dort wurden wir alle mit einem tollen Ausblick auf Adorf und Umgebung belohnt und das bei herrlichstem Sonnenschein.<\/p>\n\n\n<div class=\"wp-block-image\">\n<figure class=\"aligncenter size-large\"><img loading=\"lazy\" decoding=\"async\" width=\"840\" height=\"630\" src=\"https:\/\/i0.wp.com\/schule-in-adorf.de\/wp-content\/uploads\/2020\/10\/bjb.jpg?resize=840%2C630&#038;ssl=1\" alt=\"\" class=\"wp-image-3538\" srcset=\"https:\/\/i0.wp.com\/schule-in-adorf.de\/wp-content\/uploads\/2020\/10\/bjb.jpg?resize=1024%2C768&amp;ssl=1 1024w, https:\/\/i0.wp.com\/schule-in-adorf.de\/wp-content\/uploads\/2020\/10\/bjb.jpg?resize=300%2C225&amp;ssl=1 300w, https:\/\/i0.wp.com\/schule-in-adorf.de\/wp-content\/uploads\/2020\/10\/bjb.jpg?resize=768%2C576&amp;ssl=1 768w, https:\/\/i0.wp.com\/schule-in-adorf.de\/wp-content\/uploads\/2020\/10\/bjb.jpg?resize=1000%2C750&amp;ssl=1 1000w, https:\/\/i0.wp.com\/schule-in-adorf.de\/wp-content\/uploads\/2020\/10\/bjb.jpg?resize=400%2C300&amp;ssl=1 400w, https:\/\/i0.wp.com\/schule-in-adorf.de\/wp-content\/uploads\/2020\/10\/bjb.jpg?w=1386&amp;ssl=1 1386w\" sizes=\"(max-width: 840px) 100vw, 840px\" data-recalc-dims=\"1\" \/><\/figure><\/div>\n\n\n<p class=\"has-text-align-center has-normal-font-size\">Mit strahlenden Augen zogen wir wieder bergab. Bevor es zur\u00fcck zur Schule ging st\u00e4rkten wir uns noch mit leckerer K\u00fcrbis- und Kartoffelsuppe, Br\u00f6tchen und Wienern, die die Eltern in toller Zusammenarbeit vorbereiteten. Mit vollem Magen, m\u00fcden Beinen und lachenden Gesichtern kamen wir wieder an unserer Schule an. Das war f\u00fcr alle ein toller Tag!<\/p>\n\n\n\n<p class=\"has-text-align-center has-normal-font-size\">A. Haller, Klassenleiterin Klasse 2b<\/p>\n<\/div><\/div>\n<\/div><\/div>\n\n\n\n<div class=\"wp-block-group alignwide is-layout-flow wp-block-group-is-layout-flow\"><div class=\"wp-block-group__inner-container\">\n<div class=\"wp-block-group alignwide is-layout-flow wp-block-group-is-layout-flow\"><div class=\"wp-block-group__inner-container\">\n<div class=\"wp-block-media-text alignwide is-stacked-on-mobile\" style=\"grid-template-columns:51% auto\"><figure class=\"wp-block-media-text__media\"><img loading=\"lazy\" decoding=\"async\" width=\"840\" height=\"630\" src=\"https:\/\/i0.wp.com\/schule-in-adorf.de\/wp-content\/uploads\/2020\/09\/6dbb3916-70aa-4efd-9e31-3b5d2701a8b0.jpg?resize=840%2C630&#038;ssl=1\" alt=\"\" class=\"wp-image-3504 size-full\" srcset=\"https:\/\/i0.wp.com\/schule-in-adorf.de\/wp-content\/uploads\/2020\/09\/6dbb3916-70aa-4efd-9e31-3b5d2701a8b0.jpg?resize=1024%2C768&amp;ssl=1 1024w, https:\/\/i0.wp.com\/schule-in-adorf.de\/wp-content\/uploads\/2020\/09\/6dbb3916-70aa-4efd-9e31-3b5d2701a8b0.jpg?resize=300%2C225&amp;ssl=1 300w, https:\/\/i0.wp.com\/schule-in-adorf.de\/wp-content\/uploads\/2020\/09\/6dbb3916-70aa-4efd-9e31-3b5d2701a8b0.jpg?resize=768%2C576&amp;ssl=1 768w, https:\/\/i0.wp.com\/schule-in-adorf.de\/wp-content\/uploads\/2020\/09\/6dbb3916-70aa-4efd-9e31-3b5d2701a8b0.jpg?resize=1000%2C750&amp;ssl=1 1000w, https:\/\/i0.wp.com\/schule-in-adorf.de\/wp-content\/uploads\/2020\/09\/6dbb3916-70aa-4efd-9e31-3b5d2701a8b0.jpg?resize=400%2C300&amp;ssl=1 400w, https:\/\/i0.wp.com\/schule-in-adorf.de\/wp-content\/uploads\/2020\/09\/6dbb3916-70aa-4efd-9e31-3b5d2701a8b0.jpg?w=1280&amp;ssl=1 1280w\" sizes=\"(max-width: 840px) 100vw, 840px\" data-recalc-dims=\"1\" \/><\/figure><div class=\"wp-block-media-text__content\">\n<p class=\"has-normal-font-size\"><span style=\"background-color:rgba(0, 0, 0, 0)\" class=\"has-inline-color has-central-palette-2-color\"><span style=\"text-decoration:underline;\"><strong><u>\u201eLauf gegen den Hunger\u201c<\/u><\/strong><\/span><\/span><\/p>\n\n\n\n<p class=\"has-text-align-center has-normal-font-size\">Wie eine blaue Meereswoge mit erwartungsvollen strahlenden Augen standen die besonders motivierten Sch\u00fclerinnen und Sch\u00fcler am 2. September 2020 an der frisch pr\u00e4parierten Laufstrecke im Elsterstadion an der B92 in Adorf!<\/p>\n<\/div><\/div>\n<\/div><\/div>\n<\/div><\/div>\n\n\n\n<div class=\"wp-block-group alignwide is-layout-flow wp-block-group-is-layout-flow\"><div class=\"wp-block-group__inner-container\">\n<div class=\"wp-block-media-text alignwide has-media-on-the-right is-stacked-on-mobile\"><div class=\"wp-block-media-text__content\">\n<div class=\"wp-block-group is-layout-flow wp-block-group-is-layout-flow\"><div class=\"wp-block-group__inner-container\">\n<p class=\"has-text-align-center has-normal-font-size\">Mit dem Ziel: Jeder kann etwas tun, um die Hungernot auf der Welt zu lindern. Das haben sich alle Sch\u00fclerinnen und Sch\u00fcler der Grundschule und der Zentralschule auf die \u201eFahne\u201c geschrieben. Bei strahlendem Sonnenschein starteten die Schulen etappenweise nach Altersklassen, wo nicht nur ihre Lehrer, sondern auch unser B\u00fcrgermeister, Herr Schmidt, zuschaute. Als gro\u00dfe \u00dcberraschung \u00fcberreichte er jeder Schule jeweils einen Scheck \u00fcber 100\u20ac und unterst\u00fctzte gleichzeitig als Spendenpate unser gemeinsames Projekt.<\/p>\n<\/div><\/div>\n<\/div><figure class=\"wp-block-media-text__media\"><img loading=\"lazy\" decoding=\"async\" width=\"768\" height=\"1024\" src=\"https:\/\/i0.wp.com\/schule-in-adorf.de\/wp-content\/uploads\/2020\/09\/1abda156-c0e0-4781-88a9-eb3dd5e5c00e-768x1024.jpg?resize=768%2C1024&#038;ssl=1\" alt=\"\" class=\"wp-image-3505 size-full\" srcset=\"https:\/\/i0.wp.com\/schule-in-adorf.de\/wp-content\/uploads\/2020\/09\/1abda156-c0e0-4781-88a9-eb3dd5e5c00e.jpg?resize=768%2C1024&amp;ssl=1 768w, https:\/\/i0.wp.com\/schule-in-adorf.de\/wp-content\/uploads\/2020\/09\/1abda156-c0e0-4781-88a9-eb3dd5e5c00e.jpg?resize=225%2C300&amp;ssl=1 225w, https:\/\/i0.wp.com\/schule-in-adorf.de\/wp-content\/uploads\/2020\/09\/1abda156-c0e0-4781-88a9-eb3dd5e5c00e.jpg?w=960&amp;ssl=1 960w\" sizes=\"(max-width: 768px) 100vw, 768px\" data-recalc-dims=\"1\" \/><\/figure><\/div>\n<\/div><\/div>\n\n\n\n<div class=\"wp-block-group alignwide is-layout-flow wp-block-group-is-layout-flow\"><div class=\"wp-block-group__inner-container\">\n<div class=\"wp-block-group alignwide is-layout-flow wp-block-group-is-layout-flow\"><div class=\"wp-block-group__inner-container\">\n<div class=\"wp-block-media-text alignwide is-stacked-on-mobile\" style=\"grid-template-columns:29% auto\"><figure class=\"wp-block-media-text__media\"><img loading=\"lazy\" decoding=\"async\" width=\"768\" height=\"1024\" src=\"https:\/\/i0.wp.com\/schule-in-adorf.de\/wp-content\/uploads\/2020\/09\/fd45559c-a10b-49b7-8302-b0cc87d90cd8.jpg?resize=768%2C1024&#038;ssl=1\" alt=\"\" class=\"wp-image-3506 size-full\" srcset=\"https:\/\/i0.wp.com\/schule-in-adorf.de\/wp-content\/uploads\/2020\/09\/fd45559c-a10b-49b7-8302-b0cc87d90cd8.jpg?resize=768%2C1024&amp;ssl=1 768w, https:\/\/i0.wp.com\/schule-in-adorf.de\/wp-content\/uploads\/2020\/09\/fd45559c-a10b-49b7-8302-b0cc87d90cd8.jpg?resize=225%2C300&amp;ssl=1 225w, https:\/\/i0.wp.com\/schule-in-adorf.de\/wp-content\/uploads\/2020\/09\/fd45559c-a10b-49b7-8302-b0cc87d90cd8.jpg?w=960&amp;ssl=1 960w\" sizes=\"(max-width: 768px) 100vw, 768px\" data-recalc-dims=\"1\" \/><\/figure><div class=\"wp-block-media-text__content\">\n<p class=\"has-text-align-center has-normal-font-size\"><span style=\"background-color:rgba(0, 0, 0, 0)\" class=\"has-inline-color has-central-palette-3-color\"><strong>RESPEKT<\/strong><\/span> an alle Kinder, die jede Runde unter \u201eAnfeuerung\u201c aller Mitsch\u00fcler mit Bravour gelaufen sind. Dabei wuchsen die Kr\u00e4fte bei einigen \u00fcber sich hinaus, sodass herausragende Sportler(innen) der Grundschule bis zu 16 Runden absolvierten.<\/p>\n\n\n\n<p><\/p>\n<\/div><\/div>\n\n\n\n<p class=\"has-text-align-center has-normal-font-size\">Wir waren im Anschluss alle einer Meinung \u2013 dass dieses gemeinsame Projekt mit der Zentralschule Adorf ein rundum gelungener Sporttag war!<\/p>\n\n\n\n<p class=\"has-text-align-center has-normal-font-size\"><strong>Wir bedanken uns ganz herzlich f\u00fcr die eingegangenen Spenden bei allen Eltern, Verwandten und sonstigen Sponsoren!<\/strong><\/p>\n\n\n\n<p class=\"has-text-align-center has-normal-font-size\">Sportfachverantwortliche GS Adorf<br \/>Frau Seifert<\/p>\n<\/div><\/div>\n\n\n\n<p><\/p>\n<\/div><\/div>\n\n\n\n<hr class=\"wp-block-separator has-css-opacity is-style-default\"\/>\n\n\n\n<div style=\"height:20px\" aria-hidden=\"true\" class=\"wp-block-spacer\"><\/div>\n\n\n<div class=\"wp-block-image\">\n<figure class=\"aligncenter size-large\"><img loading=\"lazy\" decoding=\"async\" width=\"329\" height=\"361\" src=\"https:\/\/i0.wp.com\/schule-in-adorf.de\/wp-content\/uploads\/2020\/09\/stadtbote-vc3b6lkerball.jpg?resize=329%2C361&#038;ssl=1\" alt=\"\" class=\"wp-image-3517\" srcset=\"https:\/\/i0.wp.com\/schule-in-adorf.de\/wp-content\/uploads\/2020\/09\/stadtbote-vc3b6lkerball.jpg?w=329&amp;ssl=1 329w, https:\/\/i0.wp.com\/schule-in-adorf.de\/wp-content\/uploads\/2020\/09\/stadtbote-vc3b6lkerball.jpg?resize=273%2C300&amp;ssl=1 273w\" sizes=\"(max-width: 329px) 100vw, 329px\" data-recalc-dims=\"1\" \/><\/figure><\/div>\n\n\n<hr class=\"wp-block-separator has-css-opacity\"\/>\n\n\n\n<div style=\"height:20px\" aria-hidden=\"true\" class=\"wp-block-spacer\"><\/div>\n\n\n<div class=\"wp-block-image\">\n<figure class=\"aligncenter size-large\"><img loading=\"lazy\" decoding=\"async\" width=\"323\" height=\"821\" src=\"https:\/\/i0.wp.com\/schule-in-adorf.de\/wp-content\/uploads\/2020\/09\/stadtbote-lennard.jpg?resize=323%2C821&#038;ssl=1\" alt=\"\" class=\"wp-image-3518\" srcset=\"https:\/\/i0.wp.com\/schule-in-adorf.de\/wp-content\/uploads\/2020\/09\/stadtbote-lennard.jpg?w=323&amp;ssl=1 323w, https:\/\/i0.wp.com\/schule-in-adorf.de\/wp-content\/uploads\/2020\/09\/stadtbote-lennard.jpg?resize=118%2C300&amp;ssl=1 118w\" sizes=\"(max-width: 323px) 100vw, 323px\" data-recalc-dims=\"1\" \/><\/figure><\/div>","protected":false},"excerpt":{"rendered":"<p>Handball-Grundschulaktionstag Gestaffelt \u00fcber dem Zeitraum vom 19. \u2013 20. Dezember 2023 erwartete jede Klasse der Grundschule Adorf ein Aktionstag im Rahmen des Handballs. In der Turnhalle der Zentralschule Adorf konnten die Grundsch\u00fcler an Stationen mit verschiedenen ballkoordinativen Aufgaben Punkte f\u00fcr den Handball-Pass sammeln. Entsprechend der erreichten Gesamtpunktzahl legten die Kinder das Abzeichen in Bronze, Silber [&hellip;]<\/p>\n","protected":false},"author":40,"featured_media":0,"parent":0,"menu_order":0,"comment_status":"open","ping_status":"closed","template":"","meta":{"ngg_post_thumbnail":0,"footnotes":""},"jetpack_sharing_enabled":true,"_links":{"self":[{"href":"https:\/\/schule-in-adorf.de\/index.php?rest_route=\/wp\/v2\/pages\/2810"}],"collection":[{"href":"https:\/\/schule-in-adorf.de\/index.php?rest_route=\/wp\/v2\/pages"}],"about":[{"href":"https:\/\/schule-in-adorf.de\/index.php?rest_route=\/wp\/v2\/types\/page"}],"author":[{"embeddable":true,"href":"https:\/\/schule-in-adorf.de\/index.php?rest_route=\/wp\/v2\/users\/40"}],"replies":[{"embeddable":true,"href":"https:\/\/schule-in-adorf.de\/index.php?rest_route=%2Fwp%2Fv2%2Fcomments&post=2810"}],"version-history":[{"count":30,"href":"https:\/\/schule-in-adorf.de\/index.php?rest_route=\/wp\/v2\/pages\/2810\/revisions"}],"predecessor-version":[{"id":4470,"href":"https:\/\/schule-in-adorf.de\/index.php?rest_route=\/wp\/v2\/pages\/2810\/revisions\/4470"}],"wp:attachment":[{"href":"https:\/\/schule-in-adorf.de\/index.php?rest_route=%2Fwp%2Fv2%2Fmedia&parent=2810"}],"curies":[{"name":"wp","href":"https:\/\/api.w.org\/{rel}","templated":true}]}}